{"id":65,"date":"2020-04-15T19:03:34","date_gmt":"2020-04-15T19:03:34","guid":{"rendered":"http:\/\/websiegl.de\/?page_id=65"},"modified":"2020-04-15T19:03:35","modified_gmt":"2020-04-15T19:03:35","slug":"datenschutz","status":"publish","type":"page","link":"http:\/\/websiegl.de\/?page_id=65","title":{"rendered":"Datenschutz"},"content":{"rendered":"\n<p>Datenschutzerkl\u00e4rung von www.Klaras-Obst.de&nbsp;<\/p>\n\n\n\n<p>Es gelten europaweit die Vorgaben der&nbsp;<a href=\"http:\/\/eur-lex.europa.eu\/legal-content\/DE\/TXT\/?uri=uriserv:OJ.L_.2016.119.01.0001.01.DEU\">EU-Datenschutz-Grundverordnung<\/a>&nbsp;(DSGVO). Wir m\u00f6chten Sie \u00fcber die durch unser Unternehmen durchgef\u00fchrte Verarbeitung personenbezogener Daten nach Ma\u00dfgabe dieser Verordnung (vergleiche Art. 13 und 14 DSGVO) informieren. Sollten Sie Fragen oder Anmerkungen zu dieser Datenschutzerkl\u00e4rung haben, k\u00f6nnen Sie diese jederzeit an die unter Ziffer 2 bzw. 3 angegebene Email-Adresse richten.<\/p>\n\n\n\n<p><br>Inhaltsverzeichnis&nbsp;<\/p>\n\n\n\n<p>1.. \u00dcberblick.&nbsp; &nbsp; &nbsp; &nbsp; &nbsp; &nbsp; &nbsp; &nbsp; &nbsp; &nbsp; &nbsp; &nbsp; &nbsp; &nbsp; &nbsp; &nbsp; &nbsp; &nbsp; &nbsp;&nbsp;<\/p>\n\n\n\n<p>1.1&nbsp; Geltungsbereich..&nbsp; &nbsp; &nbsp; &nbsp; &nbsp; &nbsp; &nbsp; &nbsp; &nbsp; &nbsp; &nbsp; &nbsp;&nbsp;<\/p>\n\n\n\n<p>1.2&nbsp; Verantwortlicher&nbsp; &nbsp; &nbsp; &nbsp; &nbsp; &nbsp; &nbsp; &nbsp; &nbsp; &nbsp; &nbsp; &nbsp; &nbsp;&nbsp;<\/p>\n\n\n\n<p>1.3&nbsp; Datenschutzbeauftragter&nbsp; &nbsp; &nbsp; &nbsp; &nbsp; &nbsp;&nbsp;<\/p>\n\n\n\n<p>1.4&nbsp; Datensicherheit&nbsp; &nbsp; &nbsp; &nbsp; &nbsp; &nbsp; &nbsp; &nbsp; &nbsp; &nbsp; &nbsp; &nbsp; &nbsp; &nbsp;<\/p>\n\n\n\n<p>2.. Die Datenverarbeitungen im Einzelnen.&nbsp; &nbsp; &nbsp; &nbsp; &nbsp; &nbsp; &nbsp;<\/p>\n\n\n\n<p>2.1&nbsp; Allgemeines zu den Datenvereinbarungen.&nbsp; &nbsp; &nbsp;&nbsp;<\/p>\n\n\n\n<p>2.2&nbsp; Aufruf der Website \/ Applikation..&nbsp; &nbsp; &nbsp; &nbsp; &nbsp; &nbsp; &nbsp; &nbsp; &nbsp; &nbsp; &nbsp;&nbsp;<\/p>\n\n\n\n<p>2.3&nbsp; Bewerbung.&nbsp; &nbsp; &nbsp; &nbsp; &nbsp; &nbsp; &nbsp; &nbsp; &nbsp; &nbsp; &nbsp; &nbsp; &nbsp; &nbsp; &nbsp; &nbsp; &nbsp; &nbsp; &nbsp; &nbsp; &nbsp; &nbsp; &nbsp; &nbsp; &nbsp; &nbsp; &nbsp; &nbsp;<\/p>\n\n\n\n<p>2.4&nbsp; Kundensupport&nbsp; &nbsp; &nbsp; &nbsp; &nbsp; &nbsp; &nbsp; &nbsp; &nbsp; &nbsp; &nbsp; &nbsp; &nbsp; &nbsp; &nbsp; &nbsp; &nbsp; &nbsp; &nbsp; &nbsp; &nbsp; &nbsp; &nbsp; &nbsp; &nbsp;<\/p>\n\n\n\n<p>2.5&nbsp; Tracking.&nbsp; &nbsp; &nbsp; &nbsp; &nbsp; &nbsp; &nbsp; &nbsp; &nbsp; &nbsp; &nbsp; &nbsp; &nbsp; &nbsp; &nbsp; &nbsp; &nbsp; &nbsp; &nbsp; &nbsp; &nbsp; &nbsp; &nbsp; &nbsp; &nbsp; &nbsp; &nbsp; &nbsp; &nbsp; &nbsp;&nbsp;<\/p>\n\n\n\n<p>2.6&nbsp; Social Media-Plugins.&nbsp; &nbsp; &nbsp; &nbsp; &nbsp; &nbsp; &nbsp; &nbsp; &nbsp; &nbsp; &nbsp; &nbsp; &nbsp; &nbsp; &nbsp; &nbsp; &nbsp; &nbsp; &nbsp; &nbsp;&nbsp;<\/p>\n\n\n\n<p>3.. Betroffenenrechte.&nbsp; &nbsp; &nbsp; &nbsp; &nbsp; &nbsp; &nbsp; &nbsp; &nbsp; &nbsp; &nbsp; &nbsp; &nbsp; &nbsp; &nbsp; &nbsp; &nbsp; &nbsp; &nbsp; &nbsp; &nbsp; &nbsp; &nbsp; &nbsp;<\/p>\n\n\n\n<p>3.1&nbsp; Widerspruchsrecht&nbsp; &nbsp; &nbsp; &nbsp; &nbsp; &nbsp; &nbsp; &nbsp; &nbsp; &nbsp; &nbsp; &nbsp; &nbsp; &nbsp; &nbsp; &nbsp; &nbsp; &nbsp; &nbsp; &nbsp; &nbsp; &nbsp; &nbsp;<\/p>\n\n\n\n<p>3.2&nbsp; Auskunftsrecht&nbsp; &nbsp; &nbsp; &nbsp; &nbsp; &nbsp; &nbsp; &nbsp; &nbsp; &nbsp; &nbsp; &nbsp; &nbsp; &nbsp; &nbsp; &nbsp; &nbsp; &nbsp; &nbsp; &nbsp; &nbsp; &nbsp; &nbsp; &nbsp; &nbsp; &nbsp;<\/p>\n\n\n\n<p>3.3&nbsp; Berichtigungsrecht&nbsp; &nbsp; &nbsp; &nbsp; &nbsp; &nbsp; &nbsp; &nbsp; &nbsp; &nbsp; &nbsp; &nbsp; &nbsp; &nbsp; &nbsp; &nbsp; &nbsp; &nbsp; &nbsp; &nbsp; &nbsp; &nbsp; &nbsp;<\/p>\n\n\n\n<p>3.4&nbsp; Recht auf L\u00f6schung (\u201eRecht auf Vergessenwerden\u201c)&nbsp; &nbsp; &nbsp; &nbsp; &nbsp; &nbsp; &nbsp; &nbsp;<\/p>\n\n\n\n<p>3.5&nbsp; Recht auf Einschr\u00e4nkung der Verarbeitung.&nbsp; &nbsp; &nbsp; &nbsp; &nbsp; &nbsp; &nbsp; &nbsp; &nbsp; &nbsp; &nbsp; &nbsp; &nbsp; &nbsp; &nbsp;<\/p>\n\n\n\n<p>3.6&nbsp; Recht auf Daten\u00fcbertragbarkeit&nbsp; &nbsp; &nbsp; &nbsp; &nbsp; &nbsp; &nbsp; &nbsp; &nbsp; &nbsp; &nbsp; &nbsp; &nbsp; &nbsp; &nbsp; &nbsp; &nbsp; &nbsp; &nbsp; &nbsp; &nbsp; &nbsp; &nbsp; &nbsp;&nbsp;<\/p>\n\n\n\n<p>3.7&nbsp; Widerrufsrecht bei Einwilligung.&nbsp; &nbsp; &nbsp; &nbsp; &nbsp; &nbsp; &nbsp; &nbsp; &nbsp; &nbsp; &nbsp; &nbsp; &nbsp; &nbsp; &nbsp; &nbsp; &nbsp; &nbsp; &nbsp; &nbsp; &nbsp; &nbsp; &nbsp; &nbsp;&nbsp;<\/p>\n\n\n\n<p>3.8&nbsp; Beschwerderecht&nbsp; &nbsp; &nbsp; &nbsp; &nbsp; &nbsp; &nbsp; &nbsp; &nbsp; &nbsp; &nbsp; &nbsp; &nbsp; &nbsp; &nbsp; &nbsp; &nbsp; &nbsp; &nbsp; &nbsp; &nbsp; &nbsp; &nbsp; &nbsp; &nbsp; &nbsp; &nbsp; &nbsp; &nbsp; &nbsp; &nbsp; &nbsp; &nbsp; &nbsp; &nbsp;&nbsp;<\/p>\n\n\n\n<p>4.. Glossar&nbsp; &nbsp; &nbsp; &nbsp; &nbsp; &nbsp; &nbsp; &nbsp; &nbsp; &nbsp; &nbsp; &nbsp; &nbsp; &nbsp; &nbsp; &nbsp; &nbsp; &nbsp; &nbsp; &nbsp; &nbsp; &nbsp; &nbsp; &nbsp; &nbsp; &nbsp; &nbsp; &nbsp; &nbsp; &nbsp; &nbsp; &nbsp; &nbsp; &nbsp; &nbsp; &nbsp; &nbsp; &nbsp; &nbsp; &nbsp; &nbsp; &nbsp; &nbsp; &nbsp;<\/p>\n\n\n\n<h1>1&nbsp;&nbsp;&nbsp;&nbsp;&nbsp;&nbsp;&nbsp;&nbsp;&nbsp;&nbsp;&nbsp;&nbsp;&nbsp;&nbsp;&nbsp;&nbsp;\u00dcberblick<\/h1>\n\n\n\n<p>In diesem Abschnitt der Datenschutzerkl\u00e4rung finden Sie Informationen zum Geltungsbereich, zum Verantwortlichen f\u00fcr die Datenverarbeitung, dessen Datenschutzbeauftragten und zur Datensicherheit.<\/p>\n\n\n\n<h2>1.1&nbsp;&nbsp;&nbsp;&nbsp;&nbsp;&nbsp;&nbsp;&nbsp;&nbsp;&nbsp;&nbsp;&nbsp;Geltungsbereich<\/h2>\n\n\n\n<p>Die Datenverarbeitung durch Klaras-Obst.de kann im Wesentlichen in zwei Kategorien unterteilt werden:<\/p>\n\n\n\n<p>\u00b7&nbsp;&nbsp;&nbsp;&nbsp;&nbsp;&nbsp;&nbsp;&nbsp;&nbsp;Zum Zwecke der Vertragsabwicklung werden alle f\u00fcr die Durchf\u00fchrung eines Vertrages mit Klaras-Obst.de erforderlichen Daten verarbeitet. Sind auch externe Dienstleister in die Abwicklung des Vertrages eingebunden, z.B. Logistikunternehmen oder Bezahldienstleister, werden Ihre Daten in dem jeweils erforderlichen Umfang an diese weitergegeben.<\/p>\n\n\n\n<p>\u00b7&nbsp;&nbsp;&nbsp;&nbsp;&nbsp;&nbsp;&nbsp;&nbsp;&nbsp;Mit Aufruf der Website \/ Applikation von Klaras-Obst.de werden verschiedene Informationen zwischen Ihrem Endger\u00e4t und unserem Server ausgetauscht. Hierbei kann es sich auch um personenbezogene Daten handeln. Die so erhobenen Informationen werden u.a. dazu genutzt, unsere Website zu optimieren oder um Werbung im Browser Ihres Endger\u00e4tes anzuzeigen.<\/p>\n\n\n\n<p>Diese Datenschutzerkl\u00e4rung gilt f\u00fcr folgende Angebote:<\/p>\n\n\n\n<p>\u00b7&nbsp;&nbsp;&nbsp;&nbsp;&nbsp;&nbsp;&nbsp;&nbsp;&nbsp;unser Onlineangebot abrufbar unter&nbsp;<a href=\"http:\/\/www.klaras-obst.de\/\">https:\/\/www.klaras-obst.de<\/a><\/p>\n\n\n\n<p>\u00b7&nbsp;&nbsp;&nbsp;&nbsp;&nbsp;&nbsp;&nbsp;&nbsp;&nbsp;immer dann, wenn sonst aus einem unserer Angebote (z.B. Websites, Subdomains, mobilen Applikationen, Webservices oder Einbindungen in Drittseiten) auf diese Datenschutzerkl\u00e4rung verwiesen wird, unabh\u00e4ngig davon, auf welchem Weg Sie es aufrufen oder verwenden.<\/p>\n\n\n\n<p>Alle diese Angebote werden zusammen auch als \u201eServices\u201c bezeichnet.<\/p>\n\n\n\n<h2>1.2&nbsp;&nbsp;&nbsp;&nbsp;&nbsp;&nbsp;&nbsp;&nbsp;&nbsp;&nbsp;&nbsp;&nbsp;Verantwortlicher<\/h2>\n\n\n\n<p>Verantwortlicher f\u00fcr die Datenverarbeitung \u2013 also derjenige, der \u00fcber die Zwecke und Mittel der Verarbeitung von personenbezogenen Daten entscheidet \u2013 im Zusammenhang mit den Services ist<\/p>\n\n\n\n<p>Klaras Obst<\/p>\n\n\n\n<p>Meike Fischer-Arndt<\/p>\n\n\n\n<p>Spechbacher Str.1<\/p>\n\n\n\n<p>74927 Eschelbronn<\/p>\n\n\n\n<p>Tel: 06226-9936442<\/p>\n\n\n\n<p><a href=\"mailto:info@klaras-obst.de\">e-mail: info@klaras-obst.de<\/a><\/p>\n\n\n\n<p>Steuernr: DE3209930437<\/p>\n\n\n\n<h2>1.3&nbsp;&nbsp;&nbsp;&nbsp;&nbsp;&nbsp;&nbsp;&nbsp;&nbsp;&nbsp;&nbsp;&nbsp;Datenschutzbeauftragter<\/h2>\n\n\n\n<p>Nach Art. 37 DSGVO \u2013 Benennung eines Datenschutzbeauftragten \u2013 muss der Verantwortliche und der Auftragsverarbeiter von Klaras-Obst.de keinen Datenschutzbeauftragten benennen. Bei datenschutzrechtlichen Fragen k\u00f6nnen Sie sich an die Verantwortliche Stelle (1.2 Verantwortlicher) melden.<\/p>\n\n\n\n<h2>1.4&nbsp;&nbsp;&nbsp;&nbsp;&nbsp;&nbsp;&nbsp;&nbsp;&nbsp;&nbsp;&nbsp;&nbsp;Datensicherheit<\/h2>\n\n\n\n<p>Im Rahmen des Art. 32 DSGVO wurden technische und organisatorische Ma\u00dfnahmen unter Ber\u00fccksichtigung des Risikos zur Beeintr\u00e4chtigung von Pers\u00f6nlichkeits- und Freiheitsrechten festgelegt. Dadurch wird ein angemessenes Schutzniveau gew\u00e4hrleistet. Zudem erfolgt eine verschl\u00fcsselte Daten\u00fcbertragung unter Anwendung des Kommunikationsprotokolls https \u00fcber unsere Website.<\/p>\n\n\n\n<p>Alle Informationen, die Sie an uns \u00fcbermitteln, werden auf Servern innerhalb der Europ\u00e4ischen Union gespeichert. Bedenken Sie hierbei, dass die \u00dcbertragung von Informationen und Daten im Internet grunds\u00e4tzlich mit Sicherheitsl\u00fccken bedacht sein kann, weshalb wir einen vollumf\u00e4nglichen Schutz der \u00fcber das Internet an unsere Website transferierte Daten nicht garantieren k\u00f6nnen. Gegen den Verlust, die Zerst\u00f6rung, den Zugriff, sowie Ver\u00e4nderung oder Verarbeitung Ihrer Daten durch unbefugte Parteien sichern wir durch die oben genannten technischen und organisatorischen Ma\u00dfnahmen ab. Im Vordergrund steht dabei, dass Ihre pers\u00f6nlichen Daten verschl\u00fcsselt \u00fcbertragen werden. Der Schutz Ihrer pers\u00f6nlichen Daten hat f\u00fcr unser Unternehmen oberste Priorit\u00e4t. Dieses Prinzip gilt f\u00fcr unser Internet-Angebot ebenso wie f\u00fcr unsere konventionellen Dienstleistungen. Daher m\u00f6chten wir Sie an dieser Stelle informieren, wie wir die Datenschutzbestimmungen in unserem Internet-Angebot umsetzen. Weitere Informationen zu den Risiken der Internet-Nutzung und den M\u00f6glichkeiten sich zu sch\u00fctzen finden Sie im Internet unter der Adresse www.datenschutz.de.<\/p>\n\n\n\n<h1>2&nbsp;&nbsp;&nbsp;&nbsp;&nbsp;&nbsp;&nbsp;&nbsp;&nbsp;&nbsp;&nbsp;&nbsp;&nbsp;&nbsp;&nbsp;&nbsp;Die Datenverarbeitungen im Einzelnen<\/h1>\n\n\n\n<p>In diesem Abschnitt der Datenschutzerkl\u00e4rung informieren wir Sie im Detail \u00fcber die Verarbeitung personenbezogener Daten im Rahmen unserer Services. Zur besseren \u00dcbersichtlichkeit gliedern wir diese Angaben nach bestimmten Funktionalit\u00e4ten unserer Services. Bei der normalen Nutzung der Services k\u00f6nnen verschiedene Funktionalit\u00e4ten und damit auch verschiedene Verarbeitungen nacheinander oder gleichzeitig zum Tragen kommen.&nbsp;Unter personenbezogenen Daten versteht man alle Informationen, die sich auf eine identifizierte oder identifizierbare nat\u00fcrliche Person (betroffene Person) beziehen, also s\u00e4mtliche Informationen mit denen Sie pers\u00f6nlich identifiziert werden k\u00f6nnen. Wenn Sie sich \u00fcber das Thema Datenschutz ausf\u00fchrlicher informieren m\u00f6chten, k\u00f6nnen Sie dies dieser Datenschutzerkl\u00e4rung entnehmen.<\/p>\n\n\n\n<h2>2.1&nbsp;&nbsp;&nbsp;&nbsp;&nbsp;&nbsp;&nbsp;&nbsp;&nbsp;&nbsp;&nbsp;&nbsp;Allgemeines zu den Datenvereinbarungen<\/h2>\n\n\n\n<p>F\u00fcr alle nachstehend dargestellten Verarbeitungen gilt, soweit nichts anderes angegeben wird:<\/p>\n\n\n\n<p>a)&nbsp;&nbsp;&nbsp;&nbsp;Keine Verpflichtung zur Bereitstellung<\/p>\n\n\n\n<p>Es besteht weder eine vertragliche noch gesetzliche Pflicht zur Bereitstellung der personenbezogenen Daten. Sie sind nicht verpflichtet, Daten bereitzustellen.<\/p>\n\n\n\n<p>b)&nbsp;&nbsp;&nbsp;&nbsp;Folgen der Nichtbereitstellung<\/p>\n\n\n\n<p>Bei erforderlichen Daten (Daten, die bei der Eingabe als Pflichtangaben gekennzeichnet sind) hat die Nichtbereitstellung zur Folge, dass der betreffende Service nicht erbracht werden kann. Ansonsten hat die Nichtbereitstellung ggf. zur Folge, dass unsere Dienste nicht in gleicher Form und Qualit\u00e4t erbracht werden k\u00f6nnen.<\/p>\n\n\n\n<p>c)&nbsp;&nbsp;&nbsp;&nbsp;Einwilligung<\/p>\n\n\n\n<p>In verschiedenen F\u00e4llen haben Sie die M\u00f6glichkeit, uns im Zusammenhang mit den nachstehend dargestellten Verarbeitungen auch (ggf. f\u00fcr einen Teil der Daten) Ihre Einwilligung in weitergehende Verarbeitungen zu erteilen. In diesem Fall informieren wir Sie im Zusammenhang mit der Abgabe der jeweiligen Einwilligungserkl\u00e4rung gesondert \u00fcber alle Modalit\u00e4ten und die Reichweite der Einwilligung und \u00fcber die Zwecke, die wir mit diesen Verarbeitungen verfolgen.<\/p>\n\n\n\n<p>d)&nbsp;&nbsp;&nbsp;&nbsp;\u00dcbermittlung personenbezogener Daten an Drittl\u00e4nder<\/p>\n\n\n\n<p>Wenn wir Daten an Drittl\u00e4nder, d.h. L\u00e4nder au\u00dferhalb der Europ\u00e4ischen Union, \u00fcbermitteln, dann findet die \u00dcbermittlung ausschlie\u00dflich unter Einhaltung der gesetzlich geregelten Zul\u00e4ssigkeitsvoraussetzungen statt.<\/p>\n\n\n\n<p>Die Zul\u00e4ssigkeitsvoraussetzungen sind durch Art. 44 &#8211; 49 DSGVO geregelt.<\/p>\n\n\n\n<p>e)&nbsp;&nbsp;&nbsp;&nbsp;Hosting bei externen Dienstleistern<\/p>\n\n\n\n<p>Unsere Datenverarbeitung erfolgt in weitem Umfang unter Einschaltung sog. Hosting Dienstleister, die uns Speicherplatz und Verarbeitungskapazit\u00e4ten in ihren Rechenzentren zur Verf\u00fcgung stellen und nach unserer Weisung auch personenbezogene Daten in unserem Auftrag verarbeiten. Diese Dienstleister verarbeiten Daten entweder ausschlie\u00dflich in der EU oder wir haben mithilfe der EU-Standarddatenschutzklauseln ein angemessenes Datenschutzniveau garantiert.<\/p>\n\n\n\n<p>f)&nbsp;&nbsp;&nbsp;&nbsp;&nbsp;\u00dcbermittlung an staatliche Beh\u00f6rden<\/p>\n\n\n\n<p>Wir \u00fcbermitteln personenbezogene Daten an staatliche Beh\u00f6rden (einschlie\u00dflich Strafverfolgungsbeh\u00f6rden), wenn dies zur Erf\u00fcllung einer rechtlichen Verpflichtung erforderlich ist, der wir unterliegen (Rechtsgrundlage: Art. 6 Abs. 1 c) DSGVO) oder es zur Geltendmachung, Aus\u00fcbung oder Verteidigung von Rechtsanspr\u00fcchen erforderlich ist (Rechtsgrundlage Art. 6 Abs. 1 f) DSGVO).<\/p>\n\n\n\n<p>g)&nbsp;&nbsp;&nbsp;&nbsp;Speicherdauer<\/p>\n\n\n\n<p>Wir speichern Ihre Daten nicht l\u00e4nger, als wir sie f\u00fcr die jeweiligen Verarbeitungszwecke ben\u00f6tigen. Sind die Daten f\u00fcr die Erf\u00fcllung vertraglicher oder gesetzlicher Pflichten nicht mehr erforderlich, werden diese regelm\u00e4\u00dfig gel\u00f6scht, es sei denn, deren befristete Aufbewahrung ist weiterhin notwendig. Gr\u00fcnde hierf\u00fcr k\u00f6nnen z.B. Folgende sein:<\/p>\n\n\n\n<p>\u00b7&nbsp;&nbsp;&nbsp;&nbsp;&nbsp;&nbsp;&nbsp;&nbsp;&nbsp;Die Erf\u00fcllung handels- und steuerrechtlicher Aufbewahrungspflichten<\/p>\n\n\n\n<p>\u00b7&nbsp;&nbsp;&nbsp;&nbsp;&nbsp;&nbsp;&nbsp;&nbsp;&nbsp;Das Erhalten von Beweismitteln f\u00fcr rechtliche Auseinandersetzungen im Rahmen der gesetzlichen Verj\u00e4hrungsvorschriften<\/p>\n\n\n\n<p>Ebenso ist es uns m\u00f6glich Ihre Daten weiter bei uns zu speichern, wenn Sie hierf\u00fcr ausdr\u00fccklich Ihre Einwilligung erteilt haben.<\/p>\n\n\n\n<p>h)&nbsp;&nbsp;&nbsp;&nbsp;Datenkategorien<\/p>\n\n\n\n<p>\u00b7&nbsp;&nbsp;&nbsp;&nbsp;&nbsp;&nbsp;&nbsp;&nbsp;&nbsp;<strong>Accountdaten<\/strong>: Login- \/ Benutzerkennung und Passwort<\/p>\n\n\n\n<p>\u00b7&nbsp;&nbsp;&nbsp;&nbsp;&nbsp;&nbsp;&nbsp;&nbsp;&nbsp;<strong>Personenstammdaten<\/strong>: Titel, Anrede\/Geschlecht, Vorname, Nachname, Geburtsdatum<\/p>\n\n\n\n<p>\u00b7&nbsp;&nbsp;&nbsp;&nbsp;&nbsp;&nbsp;&nbsp;&nbsp;&nbsp;<strong>Adressdaten<\/strong>: Stra\u00dfe, Hausnummer, ggf. Adresszus\u00e4tze, PLZ, Ort, Land<\/p>\n\n\n\n<p>\u00b7&nbsp;&nbsp;&nbsp;&nbsp;&nbsp;&nbsp;&nbsp;&nbsp;&nbsp;<strong>Kontaktdaten<\/strong>: Telefonnummer(n), Telefaxnummer(n), E-Mail-Adresse(n)<\/p>\n\n\n\n<p>\u00b7&nbsp;&nbsp;&nbsp;&nbsp;&nbsp;&nbsp;&nbsp;&nbsp;&nbsp;<strong>Anmeldedaten<\/strong>: Informationen \u00fcber den Service, \u00fcber den Sie sich angemeldet haben; Zeitpunkte und technische Informationen zu Anmeldung, Best\u00e4tigung und Abmeldung; bei der Anmeldung von Ihnen angegebene Daten<\/p>\n\n\n\n<p>\u00b7&nbsp;&nbsp;&nbsp;&nbsp;&nbsp;&nbsp;&nbsp;&nbsp;&nbsp;<strong>Bestelldaten<\/strong>: Bestellte Produkte, Preise, Zahlungs- und Lieferinformationen<\/p>\n\n\n\n<p>\u00b7&nbsp;&nbsp;&nbsp;&nbsp;&nbsp;&nbsp;&nbsp;&nbsp;&nbsp;<strong>Zahlungsdaten<\/strong>: Kontodaten, Kreditkartendaten, Daten zu anderen Zahlungsdiensten wie Paypal<\/p>\n\n\n\n<p>\u00b7&nbsp;&nbsp;&nbsp;&nbsp;&nbsp;&nbsp;&nbsp;&nbsp;&nbsp;<strong>Zugriffsdaten<\/strong>: Datum und Uhrzeit des Besuchs unseres Service; die Seite, von der das zugreifende System auf unsere Seite gelangt ist; bei der Nutzung aufgerufene Seiten; Daten zur Sitzungsidentifizierung (Session ID); au\u00dferdem folgende Informationen des zugreifenden Computersystems: verwendete Internet Protokoll-Adresse (IP-Adresse), Browsertyp und -version, Ger\u00e4tetyp, Betriebssystem und \u00e4hnliche technische Informationen.<\/p>\n\n\n\n<p>\u00b7&nbsp;&nbsp;&nbsp;&nbsp;&nbsp;&nbsp;&nbsp;&nbsp;&nbsp;<strong>Bewerbungsdaten<\/strong>: Lebenslauf, Zeugnisse, Nachweise, Arbeitsproben, Zertifikate, Bilder<\/p>\n\n\n\n<p>\u00b7&nbsp;&nbsp;&nbsp;&nbsp;&nbsp;&nbsp;&nbsp;&nbsp;&nbsp;<strong>Daten nach Art. 9 DSGVO<\/strong>: Daten, aus denen die rassische und ethnische Herkunft, politische Meinungen, religi\u00f6se oder weltanschauliche \u00dcberzeugungen oder die Gewerkschaftszugeh\u00f6rigkeit hervorgehen, sowie die genetischen Daten, biometrische Daten zur eindeutigen Identifizierung einer nat\u00fcrlichen Person, Gesundheitsdaten oder Daten zum Sexualleben oder der sexuellen Orientierung einer nat\u00fcrlichen Person.<\/p>\n\n\n\n<h2>2.2&nbsp;&nbsp;&nbsp;&nbsp;&nbsp;&nbsp;&nbsp;&nbsp;&nbsp;&nbsp;&nbsp;&nbsp;Aufruf der Website \/ Applikation<\/h2>\n\n\n\n<p>Hier wird beschrieben, wie wir Ihre personenbezogenen Daten beim Aufrufen unserer Services verarbeiten. Besonders weisen wir darauf hin, dass die \u00dcbermittlung von Zugriffsdaten an externe Inhalteanbieter (siehe unter b.) aufgrund der technischen Funktionsweise der Informations\u00fcbertragung im Internet unumg\u00e4nglich ist.<\/p>\n\n\n\n<p>a) Informationen zur Verarbeitung<\/p>\n\n\n\n<figure class=\"wp-block-table\"><table><tbody><tr><td><strong>Datenkategorie<\/strong><\/td><td><strong>Zweckbestimmung<\/strong><\/td><td><strong>Rechtsgrundlage<\/strong><\/td><td><strong>Ggf. berechtigtes Interesse<\/strong><\/td><td><strong>Speicherdauer<\/strong><\/td><\/tr><tr><td>Zugriffsdaten<\/td><td>Verbindungsaufbau, Darstellung der Inhalte des Service, Entdeckung von Angriffen auf unsere Seite anhand ungew\u00f6hnlicher Aktivit\u00e4ten, Fehlerdiagnose<\/td><td>Art. 6 Abs. 1 f) DSGVO<\/td><td>ordnungsgem\u00e4\u00dfe Funktion der Services, Sicherheit von Daten und Gesch\u00e4ftsprozessen, Verhinderung von Missbrauch, Verh\u00fctung von Sch\u00e4den durch Eingriffe in Informationssysteme<\/td><td>7 Tage<\/td><\/tr><\/tbody><\/table><\/figure>\n\n\n\n<p>b) Empf\u00e4nger von personenbezogenen Daten<\/p>\n\n\n\n<figure class=\"wp-block-table\"><table><tbody><tr><td><strong>Empf\u00e4ngerkategorie<\/strong><\/td><td><strong>Betroffene Daten<\/strong><\/td><td><strong>Rechtsgrundlage der \u00dcbermittlung<\/strong><\/td><td><strong>Ggf. berechtigtes Interesse<\/strong><\/td><\/tr><tr><td>Externe Inhalteanbieter, die Inhalte (z.B. Bilder, Videos, eingebettete Postings aus sozialen Netzwerken, Werbebanner, Schriftarten, Updateinformationen) bereitstellen, die zur Anzeige des Service erforderlich sind<\/td><td>Zugriffsdaten<\/td><td>Auftragsverarbeitung (Art. 28 DSGVO)<\/td><td>ordnungsgem\u00e4\u00dfe Funktion der Services, (beschleunigte) Darstellung der Inhalte<\/td><\/tr><tr><td>IT-Sicherheitsdienstleister<\/td><td>Zugriffsdaten<\/td><td>Auftragsverarbeitung (Art. 28 DSGVO)<\/td><td>Verhinderung von Angriffen durch Ausnutzen von Sicherheitsl\u00fccken \/ Schwachstellen<\/td><\/tr><\/tbody><\/table><\/figure>\n\n\n\n<h2>2.3&nbsp;&nbsp;&nbsp;&nbsp;&nbsp;&nbsp;&nbsp;&nbsp;&nbsp;&nbsp;&nbsp;&nbsp;Bewerbung<\/h2>\n\n\n\n<p>In einem laufenden Bewerbungsprozess verarbeiten wir Ihre personengebundenen Daten auf folgende Weise:<\/p>\n\n\n\n<p>a) Informationen zur Verarbeitung<\/p>\n\n\n\n<figure class=\"wp-block-table\"><table><tbody><tr><td><strong>Datenkategorie<\/strong><\/td><td><strong>Zweckbestimmung<\/strong><\/td><td><strong>Rechtsgrundlage<\/strong><\/td><td><strong>Ggf. berechtigtes Interesse<\/strong><\/td><td><strong>Speicherdauer<\/strong><\/td><\/tr><tr><td>Adressdaten, Kontaktdaten<\/td><td>Identifizierung, Kontaktaufnahme, Kommunikation zur Vertragsanbahnung<\/td><td>Art. 6 Abs. 1 b) DSGVO<\/td><td>&nbsp;<\/td><td>6 Monate<\/td><\/tr><tr><td>Personenstammdaten<\/td><td>Identifizierung, Kontaktaufnahme, Alters\u00fcberpr\u00fcfung<\/td><td>Art. 6 Abs. 1 b) DSGVO<\/td><td>&nbsp;<\/td><td>6 Monate<\/td><\/tr><tr><td>Bewerbungsdaten<\/td><td>Bewerberauswahl<\/td><td>Art. 6 Abs. 1 b) DSGVO<\/td><td>&nbsp;<\/td><td>6 Monate<\/td><\/tr><\/tbody><\/table><\/figure>\n\n\n\n<p>b) Empf\u00e4nger von personenbezogenen Daten<\/p>\n\n\n\n<figure class=\"wp-block-table\"><table><tbody><tr><td><strong>Empf\u00e4ngerkategorie<\/strong><\/td><td><strong>Betroffene Daten<\/strong><\/td><td><strong>Rechtsgrundlage der \u00dcbermittlung<\/strong><\/td><td><strong>Ggf. berechtigtes Interesse<\/strong><\/td><\/tr><tr><td>Sachbearbeiter f\u00fcr Bewerberverfahren<\/td><td>Alle unter a) genannten Daten<\/td><td>Auftragsverarbeitung (Art. 28 DSGVO)<\/td><td>&nbsp;<\/td><\/tr><\/tbody><\/table><\/figure>\n\n\n\n<h2>2.4&nbsp;&nbsp;&nbsp;&nbsp;&nbsp;&nbsp;&nbsp;&nbsp;&nbsp;&nbsp;&nbsp;&nbsp;Kundensupport<\/h2>\n\n\n\n<p>Wie wir Ihre personenbezogenen Daten verarbeiten, wenn Sie sich an unseren Kundenservice wenden, finden sie hier:<\/p>\n\n\n\n<p>a) Informationen zur Verarbeitung<\/p>\n\n\n\n<figure class=\"wp-block-table\"><table><tbody><tr><td><strong>Datenkategorie<\/strong><\/td><td><strong>Zweckbestimmung<\/strong><\/td><td><strong>Rechtsgrundlage<\/strong><\/td><td><strong>Ggf. berechtigtes Interesse<\/strong><\/td><td><strong>Speicherdauer<\/strong><\/td><\/tr><tr><td>Personenstammdaten, Kontaktdaten, Inhalte der Anfragen\/Beschwerden<\/td><td>Bearbeitung von Kundenanfragen und Nutzerbeschwerden<\/td><td>Art. 6 Abs. 1 b), f)<\/td><td>Kundenbindung, Verbesserung unseres Service<\/td><td>Bearbeitung der Anfrage<\/td><\/tr><\/tbody><\/table><\/figure>\n\n\n\n<p>b) Empf\u00e4nger von personenbezogenen Daten<\/p>\n\n\n\n<figure class=\"wp-block-table\"><table><tbody><tr><td><strong>Empf\u00e4ngerkategorie<\/strong><\/td><td><strong>Betroffene Daten<\/strong><\/td><td><strong>Rechtsgrundlage der \u00dcbermittlung<\/strong><\/td><td><strong>Ggf. berechtigtes Interesse<\/strong><\/td><\/tr><tr><td>Ansprechpartner, die per Telefon oder Email kontaktiert wurden<\/td><td>Alle unter a) genannten Arten<\/td><td>Auftragsverarbeitung (Art. 28 DSGVO)<\/td><td>&nbsp;<\/td><\/tr><\/tbody><\/table><\/figure>\n\n\n\n<h2>2.5&nbsp;&nbsp;&nbsp;&nbsp;&nbsp;&nbsp;&nbsp;&nbsp;&nbsp;&nbsp;&nbsp;&nbsp;Tracking<\/h2>\n\n\n\n<p>Nachfolgend beschreiben wir, wie Ihre personenbezogenen Daten mithilfe von Tracking-Technologien zur Analyse und Optimierung unserer Services sowie zu Werbezwecken verarbeitet werden.<\/p>\n\n\n\n<p>Die Beschreibung der Trackingverfahren beinhaltet auch Informationen dazu, wie Sie die Datenverarbeitung verhindern oder ihr widersprechen k\u00f6nnen. Bitte beachten Sie, dass das sog. \u201eOpt-out\u201c, also die Ablehnung der Verarbeitung, in der Regel \u00fcber Cookies gespeichert wird. Wenn Sie unsere Services \u00fcber ein neues Endger\u00e4t oder in einem anderen Browser nutzen oder wenn Sie die von Ihrem Browser gesetzten Cookies gel\u00f6scht haben, m\u00fcssen Sie die Ablehnung erneut erkl\u00e4ren.<\/p>\n\n\n\n<p>Die dargestellten Trackingverfahren verarbeiten personenbezogene Daten nur in pseudonymer Form. Eine Verbindung mit einer konkreten, identifizierten nat\u00fcrlichen Person, also eine Zusammenf\u00fchrung der Daten mit Informationen \u00fcber den Tr\u00e4ger des Pseudonyms, findet nicht statt.<\/p>\n\n\n\n<p><strong>a. Tracking zur Analyse und Optimierung unserer Services und ihrer Nutzung sowie zur Messung des Erfolgs von Werbekampagnen und Optimierung der Anzeige von Werbung<\/strong><\/p>\n\n\n\n<p>(1)&nbsp;&nbsp;&nbsp;&nbsp;&nbsp;&nbsp; Zwecke der Verarbeitung<\/p>\n\n\n\n<p>Die Analyse des Nutzerverhaltens mittels Tracking hilft uns, die Effektivit\u00e4t unserer Services zu \u00fcberpr\u00fcfen, sie zu optimieren und an die Bed\u00fcrfnisse der Nutzer anzupassen sowie Fehler zu beheben. Au\u00dferdem dient sie dazu, Kennwerte \u00fcber die Nutzung unserer Services (Reichweite, Nutzungsintensit\u00e4t, Surfverhalten der Nutzer) statistisch \u2013 auf Basis einheitlicher Standardverfahren \u2013 zu bestimmen und somit marktweit vergleichbare Werte zu erhalten.<\/p>\n\n\n\n<p>Das Tracking zur Messung des Erfolgs von Werbekampagnen dient dazu, unsere Anzeigen f\u00fcr die Zukunft zu optimieren und Vermarktern und Werbungtreibenden ebenfalls eine entsprechende Optimierung ihrer Anzeigen zu erm\u00f6glichen. Das Tracking zur Optimierung der Anzeige von Werbung hat den Zweck, den Nutzern auf ihre Interessen zugeschnittene Werbung anzuzeigen, den Erfolg der Werbung und dadurch auch die Werbeerl\u00f6se zu erh\u00f6hen.<\/p>\n\n\n\n<p>(2)&nbsp;&nbsp;&nbsp;&nbsp;&nbsp;&nbsp; Rechtsgrundlage der Verarbeitung<\/p>\n\n\n\n<p>Bei Services, die das Verhalten von betroffenen Personen im Internet nachvollziehbar machen und bei der Erstellung von Nutzerprofilen, ist es eine informierte Einwilligung i. S. d. DSGVO erforderlich.<\/p>\n\n\n\n<p>(3)&nbsp;&nbsp;&nbsp;&nbsp;&nbsp;&nbsp; Die eingesetzten Trackingverfahren im Einzelnen<\/p>\n\n\n\n<p>\u00b7&nbsp;&nbsp;&nbsp;&nbsp;&nbsp;&nbsp;&nbsp;&nbsp;&nbsp;<strong>Google Analytics<\/strong><\/p>\n\n\n\n<p>Diese Website nutzt den Webanalysedienst \u201eGoogle Analytics\u201c der Google Inc. 1600 Amphitheatre Parkway Mountain View, CA 94043, USA. Dies ist eine Dienstleistung der Google Inc. (\u201eGoogle\u201c) Google Analytics verwendet \u201eCookies\u201c. Die durch den Cookie erzeugten Informationen \u00fcber Ihre Benutzung dieser Webseite (einschlie\u00dflich Ihrer IP-Adresse) werden an einen Server von Google in den USA \u00fcbertragen und dort gespeichert. Google beachtet die Datenschutzbestimmungen des \u201eUS-Safe-Harbor\u201c-Abkommens und ist beim \u201eSafe Harbor\u201c-Programm des US-Handelsministeriums registriert. Google wird diese Informationen nutzen, um Ihre Nutzung der Website auszuwerten, um Reports \u00fcber die Websiteaktivit\u00e4ten f\u00fcr uns zusammenzustellen und um weitere mit der Websitenutzung und der Internetnutzung verbundene Dienstleistungen an uns zu erbringen. Google wird diese Informationen auch gegebenenfalls an Dritte \u00fcbertragen, sofern dies gesetzlich vorgeschrieben oder soweit Dritte diese Daten im Auftrag von Google verarbeiten. Google wird Ihre IP-Adresse nicht mit anderen Daten von Google in Verbindung bringen. Sie k\u00f6nnen die Installation der Cookies durch eine entsprechende Einstellung Ihrer Browser Software verhindern; wir weisen Sie jedoch darauf hin, dass Sie in diesem Fall gegebenenfalls nicht s\u00e4mtliche Funktionen dieser Website voll umf\u00e4nglich nutzen k\u00f6nnen. Wenn Sie nicht w\u00fcnschen, dass Informationen \u00fcber Ihren Webseitenbesuch an Google Analytics \u00fcbermittelt werden, haben Sie die M\u00f6glichkeit, f\u00fcr Ihren Browser ein \u201eDeaktivierungs-Add-On\u201c zu installieren. Au\u00dferdem haben wir Einstellungen vorgenommen, wonach Google Analytics den letzten Teil der IP-Adressen der Besucher unserer Website l\u00f6scht. Damit kommen wir auch hier nicht in den Besitz von Daten, die f\u00fcr uns R\u00fcckschl\u00fcsse auf Ihre Person zulassen. Zur Deaktivierung von Google Analytics und zum Widerspruch, dass die durch Cookies gesammelten Informationen (inklusive Ihrer IP-Adresse) an die Google Inc. \u00fcbermittelt und von der Google Inc. genutzt werden, k\u00f6nnen Sie auf den folgenden Link klicken:&nbsp;<a href=\"https:\/\/tools.google.com\/dlpage\/gaoptout?hl=de\">https:\/\/tools.google.com\/dlpage\/gaoptout?hl=de<\/a>.<\/p>\n\n\n\n<p>L\u00f6schen Sie Ihre Cookies aus dem Browser, ist ein erneuter Klick auf den Link bei jedem Besuch dieser Website notwendig. Weitere Informationen zur Datennutzung der Google Inc. finden Sie unter:<\/p>\n\n\n\n<figure class=\"wp-block-embed\"><div class=\"wp-block-embed__wrapper\">\nhttps:\/\/support.google.com\/analytics\/answer\/6004245?hl=de.\n<\/div><\/figure>\n\n\n\n<p>\u00b7&nbsp;&nbsp;&nbsp;&nbsp;&nbsp;&nbsp;&nbsp;&nbsp;&nbsp;<strong>Google AdSense<\/strong><\/p>\n\n\n\n<p>Diese Website verwendet Google AdSense als Dienst zur Einbindung von Werbeanzeigen von Google Inc., 1600 Amphitheatre Parkway, Mountain View, CA 94043, USA. Dabei verwendet Google AdSense \u201eCookies\u201c. Cookies sind Textdateien, die zu Analysezwecken zur Benutzung der Website auf dem Computer gespeichert werden. Neben Cookies werden unsichtbare Grafiken \u2013 sog. Web Beacons \u2013 verwendet. Mit Hilfe dieser Web Beacons k\u00f6nnen anonym Informationen zum Bewegungsprofil der Sitzung sowie die Besucheranzahl ermittelt werden.<\/p>\n\n\n\n<p>Bei der Verwendung von Cookies und Web Beacons werden die Informationen \u00fcber die Benutzung der Website inkl. Ihrer IP-Adresse sowie die \u00dcbertragung von Werbeformaten an einen Google-Server in die USA \u00fcbermittelt und gespeichert. Bei der m\u00f6glichen Weitergabe Ihrer Informationen von der Google Inc. an etwaige Vertragspartner der Google Inc. wird Ihre IP-Adresse nicht mit anderen gespeicherten Daten Ihrer Nutzung zusammengef\u00fchrt. G\u00e4ngige Browser bieten die Einstellungsoption, Cookies nicht zuzulassen. Bei diesen Einstellungen wird nicht gew\u00e4hrleistet, dass Sie auf alle Funktionen dieser Website ohne Einschr\u00e4nkungen zugreifen k\u00f6nnen. Durch die Nutzung dieser Website erkl\u00e4ren Sie sich einverstanden, dass die von Google Inc. erhobenen Daten zur Bearbeitung in dem oben beschriebenen Zwecke sowie der Art und Weise verwendet werden.<\/p>\n\n\n\n<p>\u00b7&nbsp;&nbsp;&nbsp;&nbsp;&nbsp;&nbsp;&nbsp;&nbsp;&nbsp;<strong>Scriptbibliothek Google Webfonts<\/strong><\/p>\n\n\n\n<p>Damit unsere Inhalte browser\u00fcbergreifend korrekt und grafisch ansprechend dargestellt werden, verwenden wir auf dieser Website Scriptbibliotheken und Schriftbibliotheken wie z. B. Google Webfonts. Google Webfonts der Google Inc., 1600 Amphitheatre Parkway, Mountain View, CA 94043, USA werden zur Vermeidung mehrfachen Ladens in den Cache Ihres Browsers \u00fcbertragen. Falls der Browser die Google Webfonts nicht unterst\u00fctzt oder den Zugriff unterbindet, werden Inhalte in einer Standardschrift angezeigt. N\u00e4here Informationen finden Sie unter:<\/p>\n\n\n\n<figure class=\"wp-block-embed\"><div class=\"wp-block-embed__wrapper\">\nhttps:\/\/www.google.com\/webfonts\/.\n<\/div><\/figure>\n\n\n\n<p>Der Aufruf von Scriptbibliotheken oder Schriftbibliotheken l\u00f6st automatisch eine Verbindung zum Betreiber der Bibliothek aus. Dabei ist es theoretisch m\u00f6glich \u2013 aktuell allerdings auch unklar ob und ggf. zu welchen Zwecken \u2013 dass Betreiber entsprechender Bibliotheken Daten erheben. Die Datenschutzrichtlinie des Bibliothekbetreibers Google finden Sie hier:&nbsp;<a href=\"https:\/\/www.google.com\/policies\/privacy\/\">https:\/\/www.google.com\/policies\/privacy\/<\/a>.<\/p>\n\n\n\n<p>Wenn Sie sich gegen interessenbasierte Werbung entscheiden m\u00f6chten, k\u00f6nnen Sie auch die Website&nbsp;<a href=\"http:\/\/www.youronlinechoices.com\/de\/\">http:\/\/www.youronlinechoices.com\/de\/<\/a>&nbsp;aufsuchen, dort auf &#8222;Pr\u00e4ferenzmanagement&#8220; klicken und den Anweisungen folgen, um die Nutzung von Daten f\u00fcr interessenbasierte Werbung der dort aufgef\u00fchrten Dienstleister ganz oder individuell zu unterbinden. Sie werden trotzdem weiterhin Werbung erhalten, die jedoch nicht interessenbasiert ist.<\/p>\n\n\n\n<h2>2.6&nbsp;&nbsp;&nbsp;&nbsp;&nbsp;&nbsp;&nbsp;&nbsp;&nbsp;&nbsp;&nbsp;&nbsp;Social Media-Plugins<\/h2>\n\n\n\n<p>Diese Webseite enth\u00e4lt ggf. Zusatzprogramme (Plugins) von sozialen Netzwerken wie z.B.: Facebook, Google+, Twitter oder Pinterest, die von Dritten betrieben werden und \u00fcber die mit Hilfe einer Schaltfl\u00e4che Nachrichten an das entsprechende soziale Netzwerk \u00fcbermittelt werden k\u00f6nnen, um Inhalte z.B. zu bewerten, zu empfehlen oder zu teilen. Damit verfolgen wir den Zweck und das berechtigte Interesse, unsere Services bekannter zu machen. Wir konfigurieren unsere Services so, dass eine Daten\u00fcbermittlung erst stattfindet, wenn Sie die Schaltfl\u00e4che bet\u00e4tigen. Rechtsgrundlage f\u00fcr die Daten\u00fcbermittlung ist in diesem Fall Art. 6 I f) DSGVO. F\u00fcr die datenschutzkonforme Verarbeitung der \u00fcbermittelten Daten ist der jeweilige Anbieter verantwortlich.<\/p>\n\n\n\n<figure class=\"wp-block-table\"><table><tbody><tr><td><strong>Bezeichnung des Dienstes<\/strong><\/td><td><strong>Anbieter<\/strong><\/td><td><strong>Datenschutzinformationen des Anbieters<\/strong><\/td><\/tr><tr><td>Facebook (Like-Button)<\/td><td>Facebook Inc., 1601 S. California Avenue, Palo Alto, CA 94304, USA<\/td><td><a href=\"https:\/\/de-de.facebook.com\/about\/privacy\/\">https:\/\/de-de.facebook.com\/about\/privacy\/<\/a><\/td><\/tr><tr><td>Google+<\/td><td>Google Inc., 1600 Amphitheatre Parkway, Mountain View, CA 94043, USA<\/td><td><a href=\"https:\/\/www.google.com\/+\/policy\/pagesterm.html\">https:\/\/www.google.com\/+\/policy\/pagesterm.html<\/a><\/td><\/tr><\/tbody><\/table><\/figure>\n\n\n\n<h1>3&nbsp;&nbsp;&nbsp;&nbsp;&nbsp;&nbsp;&nbsp;&nbsp;&nbsp;&nbsp;&nbsp;&nbsp;&nbsp;&nbsp;&nbsp;&nbsp;Betroffenenrechte<\/h1>\n\n\n\n<h2>3.1&nbsp;&nbsp;&nbsp;&nbsp;&nbsp;&nbsp;&nbsp;&nbsp;&nbsp;&nbsp;&nbsp;&nbsp;Widerspruchsrecht<\/h2>\n\n\n\n<p><strong>Verarbeiten wir Ihre personenbezogenen Daten, um Direktwerbung zu betreiben, so haben Sie das Recht, jederzeit mit Wirkung f\u00fcr die Zukunft Widerspruch gegen die Verarbeitung Sie betreffender personenbezogener Daten zum Zwecke derartiger Werbung einzulegen; dies gilt auch f\u00fcr das Profiling, soweit es mit solcher Direktwerbung in Verbindung steht.<\/strong><\/p>\n\n\n\n<p>Sie haben au\u00dferdem das Recht, aus Gr\u00fcnden, die sich aus Ihrer besonderen Situation ergeben, jederzeit mit Wirkung f\u00fcr die Zukunft gegen die Verarbeitung Sie betreffender personenbezogener Daten, die gem\u00e4\u00df Art. 6 Abs. 1 Buchst. e) oder f) DSGVO erfolgt, Widerspruch einzulegen; dies gilt auch f\u00fcr ein auf diese Bestimmungen gest\u00fctztes Profiling.<\/p>\n\n\n\n<h2>3.2&nbsp;&nbsp;&nbsp;&nbsp;&nbsp;&nbsp;&nbsp;&nbsp;&nbsp;&nbsp;&nbsp;&nbsp;Auskunftsrecht<\/h2>\n\n\n\n<p>Sie haben das Recht zu erfahren, ob Sie betreffende personenbezogene Daten von uns verarbeitet werden, welche personenbezogenen Daten dies ggf. sind, sowie weitere Informationen gem\u00e4\u00df Art. 15 DSGVO.<\/p>\n\n\n\n<h2>3.3&nbsp;&nbsp;&nbsp;&nbsp;&nbsp;&nbsp;&nbsp;&nbsp;&nbsp;&nbsp;&nbsp;&nbsp;Berichtigungsrecht<\/h2>\n\n\n\n<p>Sie haben das Recht, von uns unverz\u00fcglich die Berichtigung Sie betreffender unrichtiger personenbezogener Daten zu verlangen (Art. 16 DSGVO). Unter Ber\u00fccksichtigung der Zwecke der Verarbeitung haben Sie das Recht, die Vervollst\u00e4ndigung unvollst\u00e4ndiger personenbezogener Daten \u2013 auch mittels einer erg\u00e4nzenden Erkl\u00e4rung \u2013 zu verlangen.<\/p>\n\n\n\n<h2>3.4&nbsp;&nbsp;&nbsp;&nbsp;&nbsp;&nbsp;&nbsp;&nbsp;&nbsp;&nbsp;&nbsp;&nbsp;Recht auf L\u00f6schung (\u201eRecht auf Vergessenwerden\u201c)<\/h2>\n\n\n\n<p>Sie haben das Recht, von uns zu verlangen, dass Sie betreffende personenbezogene Daten unverz\u00fcglich gel\u00f6scht werden, sofern einer der in Art. 17 Abs. 1 DSGVO genannten Gr\u00fcnde zutrifft und die Verarbeitung nicht f\u00fcr einen der in Art. 17 Abs. 3 DSGVO geregelten Zwecke erforderlich ist.<\/p>\n\n\n\n<h2>3.5&nbsp;&nbsp;&nbsp;&nbsp;&nbsp;&nbsp;&nbsp;&nbsp;&nbsp;&nbsp;&nbsp;&nbsp;Recht auf Einschr\u00e4nkung der Verarbeitung<\/h2>\n\n\n\n<p>Sie sind berechtigt, eine Einschr\u00e4nkung bei der Verarbeitung Ihrer personenbezogenen Daten zu verlangen, wenn eine der in Art. 18 Abs. 1 Buchst. a) bis d) DSGVO geregelten Voraussetzungen gegeben ist.<\/p>\n\n\n\n<h2>3.6&nbsp;&nbsp;&nbsp;&nbsp;&nbsp;&nbsp;&nbsp;&nbsp;&nbsp;&nbsp;&nbsp;&nbsp;Recht auf Daten\u00fcbertragbarkeit<\/h2>\n\n\n\n<p>Sie haben das Recht, die Sie betreffenden personenbezogenen Daten, die sie uns bereitgestellt haben, in einem strukturierten, g\u00e4ngigen und maschinenlesbaren Format zu erhalten. Weiterhin haben Sie das Recht diese Daten einem anderen Verantwortlichen ohne Behinderung durch uns zu \u00fcbermitteln oder zu erwirken, dass eine direkte \u00dcbermittlung durch uns geschieht, sofern dies technisch m\u00f6glich ist. Dies soll immer dann gelten, wenn die Grundlage der Datenverarbeitung die Einwilligung oder ein Vertrag ist und die Daten automatisiert verarbeitet werden. F\u00fcr nur in Papierform vorgehaltene Daten gilt dies demnach nicht.<\/p>\n\n\n\n<h2>3.7&nbsp;&nbsp;&nbsp;&nbsp;&nbsp;&nbsp;&nbsp;&nbsp;&nbsp;&nbsp;&nbsp;&nbsp;Widerrufsrecht bei Einwilligung<\/h2>\n\n\n\n<p><strong>Soweit die Verarbeitung auf Ihrer Einwilligung beruht, haben Sie das Recht, die Einwilligung jederzeit zu widerrufen. Die Rechtm\u00e4\u00dfigkeit der aufgrund der Einwilligung bis zum Widerruf erfolgten Verarbeitung wird dadurch nicht ber\u00fchrt.<\/strong><\/p>\n\n\n\n<h2>3.8&nbsp;&nbsp;&nbsp;&nbsp;&nbsp;&nbsp;&nbsp;&nbsp;&nbsp;&nbsp;&nbsp;&nbsp;Beschwerderecht<\/h2>\n\n\n\n<p>Sie haben ein Beschwerderecht bei einer Aufsichtsbeh\u00f6rde.<\/p>\n\n\n\n<h1>4&nbsp;&nbsp;&nbsp;&nbsp;&nbsp;&nbsp;&nbsp;&nbsp;&nbsp;&nbsp;&nbsp;&nbsp;&nbsp;&nbsp;&nbsp;&nbsp;Glossar<\/h1>\n\n\n\n<p>\u00b7&nbsp;&nbsp;&nbsp;&nbsp;&nbsp;&nbsp;&nbsp;&nbsp;&nbsp;<strong>Auftragsverarbeiter:<\/strong><\/p>\n\n\n\n<p>Eine nat\u00fcrliche oder juristische Person, Beh\u00f6rde, Einrichtung oder andere Stelle, die personenbezogene Daten im Auftrag des Verantwortlichen verarbeitet.<\/p>\n\n\n\n<p>\u00b7&nbsp;&nbsp;&nbsp;&nbsp;&nbsp;&nbsp;&nbsp;&nbsp;&nbsp;<strong>Browser:<\/strong><\/p>\n\n\n\n<p>Computerprogramm zur Darstellung von Webseiten (z.B. Chrome, Firefox, Safari).<\/p>\n\n\n\n<p>\u00b7&nbsp;&nbsp;&nbsp;&nbsp;&nbsp;&nbsp;&nbsp;&nbsp;&nbsp;<strong>Cookies:<\/strong><\/p>\n\n\n\n<p>Der Begriff \u201eCookie\u201c stammt eigentlich aus dem englischen Wortschatz und kann in seiner urspr\u00fcnglichen Bedeutung mit \u201eKeks\u201c in die deutsche Sprache \u00fcbersetzt werden. Im Zusammenhang mit dem World Wide Web hingegen, beschreibt ein Cookie eine kleine Textdatei, die bei dem Besuch einer Webseite lokal auf dem Rechner des Users gespeichert wird. Diese Datei speichert Daten \u00fcber das Verhalten des Nutzers. Wird der Browser aufgerufen und die entsprechende Webseite wiederholt besucht, kommt der Cookie zum Einsatz und gibt dem Web-Server mithilfe der gespeicherten Daten, Informationen \u00fcber das Surf-Verhalten des Users.<\/p>\n\n\n\n<p>Bei Cookies geht es in diesem Zusammenhang also nicht um Kekse, sondern um Informationen, die eine Webseite lokal auf dem Rechner des Seitenbesuchers in einer kleinen Textdatei abspeichert. Dabei kann es sich um bereits vom Nutzer vorgenommene Einstellungen auf einer Seite handeln, aber auch um Informationen, die die Webseite komplett eigenst\u00e4ndig vom Nutzer gesammelt hat. Sp\u00e4ter k\u00f6nnen diese lokal abgelegten Textdateien dann vom selben Webserver, von dem sie angelegt wurden, auch wieder ausgelesen werden. Die meisten Browser akzeptieren Cookies automatisch. Sie k\u00f6nnen Cookies mithilfe der Browserfunktionen (zumeist unter &#8222;Optionen&#8220; oder &#8222;Einstellungen&#8220;) verwalten. Dadurch kann das Speichern von Cookies deaktiviert, von Ihrer Zustimmung im Einzelfall abh\u00e4ngig gemacht oder anderweitig eingeschr\u00e4nkt werden. Sie k\u00f6nnen Cookies auch jederzeit l\u00f6schen.<\/p>\n\n\n\n<p>\u00b7&nbsp;&nbsp;&nbsp;&nbsp;&nbsp;&nbsp;&nbsp;&nbsp;&nbsp;<strong>Drittl\u00e4nder:<\/strong><\/p>\n\n\n\n<p>Land, welches nicht an die gesetzlichen Anforderungen der EU-Datenschutz-Direktive gebunden ist (Land au\u00dferhalb des EWR)<\/p>\n\n\n\n<p>\u00b7&nbsp;&nbsp;&nbsp;&nbsp;&nbsp;&nbsp;&nbsp;&nbsp;&nbsp;<strong>Personenbezogene Daten:<\/strong><\/p>\n\n\n\n<p>Alle Informationen, die sich auf eine identifizierte oder identifizierbare nat\u00fcrliche Person beziehen. Als identifizierbar wird eine nat\u00fcrliche Person angesehen, die direkt oder indirekt, insbesondere mittels Zuordnung zu einer Kennung wie einem Namen, zu einer Kennnummer, zu Standortdaten, zu einer Online-Kennung oder zu einem oder mehreren besonderen Merkmalen identifiziert werden kann, die Ausdruck der physischen, physiologischen, genetischen, psychischen, wirtschaftlichen, kulturellen oder sozialen Identit\u00e4t dieser nat\u00fcrlichen Person sind.<\/p>\n\n\n\n<p>\u00b7&nbsp;&nbsp;&nbsp;&nbsp;&nbsp;&nbsp;&nbsp;&nbsp;&nbsp;<strong>Pixel:<\/strong><\/p>\n\n\n\n<p>Pixel werden auch Z\u00e4hlpixel, Trackingpixel, Web Beacons oder Web-Bugs genannt. Es handelt sich um kleine, nicht sichtbare Grafiken in HTML-E-Mails oder auf Webseiten. Wird ein Dokument ge\u00f6ffnet, dann wird dieses kleine Bild von einem Server im Internet geladen, wobei das Herunterladen dort registriert wird. So kann der Betreiber des Servers sehen, ob und wann eine E-Mail ge\u00f6ffnet oder eine Webseite besucht wurde. Meist wird diese Funktion durch den Aufruf eines kleinen Programms (Javascript) realisiert. So k\u00f6nnen bestimmte Arten von Informationen auf Ihrem Computersystem erkannt und weitergegeben werden, etwa der Inhalt von Cookies, Zeit und Datum des Seitenaufrufs sowie eine Beschreibung der Seite, auf der sich das Z\u00e4hlpixel befindet.<\/p>\n\n\n\n<p>\u00b7&nbsp;&nbsp;&nbsp;&nbsp;&nbsp;&nbsp;&nbsp;&nbsp;&nbsp;<strong>Profiling:<\/strong><\/p>\n\n\n\n<p>Jede Art der automatisierten Verarbeitung personenbezogener Daten, die darin besteht, dass diese personenbezogenen Daten verwendet werden, um bestimmte pers\u00f6nliche Aspekte, die sich auf eine nat\u00fcrliche Person beziehen, zu bewerten, insbesondere um Aspekte bez\u00fcglich Arbeitsleistung, wirtschaftliche Lage, Gesundheit, pers\u00f6nliche Vorlieben, Interessen, Zuverl\u00e4ssigkeit, Verhalten, Aufenthaltsort oder Ortswechsel dieser nat\u00fcrlichen Person zu analysieren oder vorherzusagen.<\/p>\n\n\n\n<p>\u00b7&nbsp;&nbsp;&nbsp;&nbsp;&nbsp;&nbsp;&nbsp;&nbsp;&nbsp;<strong>Services:<\/strong><\/p>\n\n\n\n<p>Unsere Angebote, f\u00fcr die diese Datenschutzerkl\u00e4rung gilt (siehe&nbsp;<a href=\"file:\/\/\/X:\/DundsComData\/QM\/Projekte\/DSGVO%20%5b05.2018%5d\/Datenschutzerkl%C3%A4rung%20%5b05.2018%5d\/ZTR_Datenschutzerkl%C3%A4rung%20%5b05.2018%5d\/ZTR_Datenschutzerkl%C3%A4rung_Rev003-05.2018.docx#_Geltungsbereich\">Geltungsbereich<\/a>).<\/p>\n\n\n\n<p>\u00b7&nbsp;&nbsp;&nbsp;&nbsp;&nbsp;&nbsp;&nbsp;&nbsp;&nbsp;<strong>Tracking:<\/strong><\/p>\n\n\n\n<p>Die Sammlung von Daten und deren Auswertung bzgl. des Verhaltens von Besuchern auf unseren Services.<\/p>\n\n\n\n<p>\u00b7&nbsp;&nbsp;&nbsp;&nbsp;&nbsp;&nbsp;&nbsp;&nbsp;&nbsp;<strong>Tracking-Technologien:<\/strong><\/p>\n\n\n\n<p>Tracking kann sowohl \u00fcber die auf unseren Webservern gespeicherten Aktivit\u00e4tsprotokolle (Logfiles) erfolgen als auch mittels Datenerhebung von Ihrem Endger\u00e4t \u00fcber Pixel, Cookies und \u00e4hnliche Tracking-Technologien.<\/p>\n\n\n\n<p>\u00b7&nbsp;&nbsp;&nbsp;&nbsp;&nbsp;&nbsp;&nbsp;&nbsp;&nbsp;<strong>Verarbeitung:<\/strong><\/p>\n\n\n\n<p>Jeder mit oder ohne Hilfe automatisierter Verfahren ausgef\u00fchrten Vorgang oder jede solche Vorgangsreihe im Zusammenhang mit personenbezogenen Daten wie das Erheben, das Erfassen, die Organisation, das Ordnen, die Speicherung, die Anpassung oder Ver\u00e4nderung, das Auslesen, das Abfragen, die Verwendung, die Offenlegung durch \u00dcbermittlung, Verbreitung oder eine andere Form der Bereitstellung, den Abgleich oder die Verkn\u00fcpfung, die Einschr\u00e4nkung, das L\u00f6schen oder die Vernichtung.<\/p>\n","protected":false},"excerpt":{"rendered":"<p>Datenschutzerkl\u00e4rung von www.Klaras-Obst.de&nbsp; Es gelten europaweit die Vorgaben der&nbsp;EU-Datenschutz-Grundverordnung&nbsp;(DSGVO). Wir m\u00f6chten Sie \u00fcber die durch unser Unternehmen durchgef\u00fchrte Verarbeitung personenbezogener Daten nach Ma\u00dfgabe dieser Verordnung (vergleiche Art. 13 und 14 DSGVO) informieren. Sollten Sie Fragen oder Anmerkungen zu dieser Datenschutzerkl\u00e4rung haben, k\u00f6nnen Sie diese jederzeit an die unter Ziffer 2 bzw. 3 angegebene Email-Adresse richten.&hellip; <br \/> <a class=\"read-more\" href=\"http:\/\/websiegl.de\/?page_id=65\">Weiterlesen<\/a><\/p>\n","protected":false},"author":2,"featured_media":0,"parent":0,"menu_order":0,"comment_status":"closed","ping_status":"closed","template":"","meta":[],"_links":{"self":[{"href":"http:\/\/websiegl.de\/index.php?rest_route=\/wp\/v2\/pages\/65"}],"collection":[{"href":"http:\/\/websiegl.de\/index.php?rest_route=\/wp\/v2\/pages"}],"about":[{"href":"http:\/\/websiegl.de\/index.php?rest_route=\/wp\/v2\/types\/page"}],"author":[{"embeddable":true,"href":"http:\/\/websiegl.de\/index.php?rest_route=\/wp\/v2\/users\/2"}],"replies":[{"embeddable":true,"href":"http:\/\/websiegl.de\/index.php?rest_route=%2Fwp%2Fv2%2Fcomments&post=65"}],"version-history":[{"count":1,"href":"http:\/\/websiegl.de\/index.php?rest_route=\/wp\/v2\/pages\/65\/revisions"}],"predecessor-version":[{"id":66,"href":"http:\/\/websiegl.de\/index.php?rest_route=\/wp\/v2\/pages\/65\/revisions\/66"}],"wp:attachment":[{"href":"http:\/\/websiegl.de\/index.php?rest_route=%2Fwp%2Fv2%2Fmedia&parent=65"}],"curies":[{"name":"wp","href":"https:\/\/api.w.org\/{rel}","templated":true}]}}